{"id":49972,"date":"2021-03-10T11:05:55","date_gmt":"2021-03-10T10:05:55","guid":{"rendered":"https:\/\/funerariadelmigjorn.com\/inicio\/"},"modified":"2021-05-07T13:21:45","modified_gmt":"2021-05-07T11:21:45","slug":"inicio","status":"publish","type":"page","link":"https:\/\/funerariadelmigjorn.com\/es\/","title":{"rendered":"Inicio"},"content":{"rendered":"<p>[et_pb_section fb_built=\u00bb1&#8243; custom_padding_last_edited=\u00bbon|desktop\u00bb admin_label=\u00bbHeader\u00bb _builder_version=\u00bb4.9.1&#8243; use_background_color_gradient=\u00bbon\u00bb background_color_gradient_start=\u00bbrgba(0,79,140,0.34)\u00bb background_color_gradient_end=\u00bbrgba(0,56,94,0.75)\u00bb background_color_gradient_type=\u00bbradial\u00bb background_color_gradient_direction_radial=\u00bbtop left\u00bb background_color_gradient_end_position=\u00bb50%\u00bb background_color_gradient_overlays_image=\u00bbon\u00bb background_image=\u00bbhttps:\/\/funerariadelmigjorn.com\/wp-content\/uploads\/2021\/04\/7_resultado.jpg\u00bb custom_padding=\u00bb16vh|0|12vh||false|false\u00bb custom_padding_tablet=\u00bb10vh||10vh||false\u00bb custom_padding_phone=\u00bb5vh||5vh||false\u00bb top_divider_style=\u00bbwave2&#8243; top_divider_color=\u00bbrgba(12,113,195,0.11)\u00bb top_divider_height=\u00bb750px\u00bb top_divider_flip=\u00bbhorizontal\u00bb bottom_divider_style=\u00bbcurve\u00bb bottom_divider_color=\u00bb#ffffff\u00bb bottom_divider_height=\u00bb3vw\u00bb bottom_divider_flip=\u00bbvertical\u00bb][et_pb_row _builder_version=\u00bb3.25&#8243;][et_pb_column type=\u00bb4_4&#8243; _builder_version=\u00bb3.25&#8243; custom_padding=\u00bb|||\u00bb custom_padding__hover=\u00bb|||\u00bb][et_pb_text _builder_version=\u00bb4.9.1&#8243; text_font=\u00bb||||||||\u00bb ul_font=\u00bb||||||||\u00bb ol_font=\u00bb||||||||\u00bb header_font=\u00bb||||||||\u00bb header_font_size=\u00bb64px\u00bb header_letter_spacing=\u00bb1px\u00bb header_line_height=\u00bb1.2em\u00bb header_2_font=\u00bb||||||||\u00bb header_2_font_size=\u00bb44px\u00bb header_2_letter_spacing=\u00bb1px\u00bb header_2_line_height=\u00bb1.4em\u00bb header_3_font=\u00bb||||||||\u00bb header_4_font=\u00bb||||||||\u00bb header_5_font=\u00bb||||||||\u00bb header_6_font=\u00bb||||||||\u00bb background_layout=\u00bbdark\u00bb max_width=\u00bb800px\u00bb module_alignment=\u00bbleft\u00bb custom_margin=\u00bb||20px|\u00bb animation_style=\u00bbslide\u00bb animation_direction=\u00bbleft\u00bb animation_intensity_slide=\u00bb2%\u00bb header_font_size_tablet=\u00bb35px\u00bb header_font_size_phone=\u00bb36px\u00bb header_font_size_last_edited=\u00bbon|phone\u00bb header_2_font_size_tablet=\u00bb35px\u00bb header_2_font_size_phone=\u00bb24px\u00bb header_2_font_size_last_edited=\u00bbon|desktop\u00bb]<\/p>\n<h1>Servicios funerarios<\/h1>\n<h2>Ses Salines &#8211; Santany\u00ed<\/h2>\n<p>[\/et_pb_text][\/et_pb_column][\/et_pb_row][et_pb_row column_structure=\u00bb1_2,1_4,1_4&#8243; use_custom_gutter=\u00bbon\u00bb gutter_width=\u00bb2&#8243; _builder_version=\u00bb4.8.1&#8243; custom_padding=\u00bb0|0px|0|0px|false|false\u00bb animation_direction=\u00bbleft\u00bb use_custom_width=\u00bbon\u00bb][et_pb_column type=\u00bb1_2&#8243; _builder_version=\u00bb3.25&#8243; custom_padding=\u00bb|||\u00bb custom_padding__hover=\u00bb|||\u00bb][et_pb_divider color=\u00bbrgba(255,255,255,0.2)\u00bb divider_position=\u00bbbottom\u00bb divider_weight=\u00bb2px\u00bb _builder_version=\u00bb3.15&#8243;][\/et_pb_divider][\/et_pb_column][et_pb_column type=\u00bb1_4&#8243; _builder_version=\u00bb3.25&#8243; custom_padding=\u00bb|||\u00bb custom_padding__hover=\u00bb|||\u00bb][et_pb_button button_url=\u00bbtel:+34669494261&#8243; button_text=\u00bbLlamar: 669 494 261&#8243; button_alignment=\u00bbcenter\u00bb _builder_version=\u00bb4.8.1&#8243; custom_button=\u00bbon\u00bb button_text_size=\u00bb13px\u00bb button_text_color=\u00bb#000000&#8243; button_bg_color=\u00bb#FFFFFF\u00bb button_border_width=\u00bb0px\u00bb button_border_color=\u00bbrgba(0,0,0,0)\u00bb button_border_radius=\u00bb100px\u00bb button_letter_spacing=\u00bb1px\u00bb button_font=\u00bbLibre Franklin|600|||||||\u00bb button_icon=\u00bb%%264%%\u00bb button_icon_placement=\u00bbleft\u00bb button_on_hover=\u00bboff\u00bb background_layout=\u00bbdark\u00bb custom_padding=\u00bb16px|26px|16px|44px|true|false\u00bb animation_style=\u00bbslide\u00bb animation_direction=\u00bbright\u00bb animation_intensity_slide=\u00bb5%\u00bb button_letter_spacing_hover=\u00bb1px\u00bb button_bg_color_hover=\u00bb#236299&#8243; locked=\u00bboff\u00bb button_text_size__hover_enabled=\u00bboff\u00bb button_one_text_size__hover_enabled=\u00bboff\u00bb button_two_text_size__hover_enabled=\u00bboff\u00bb button_text_color__hover_enabled=\u00bbon|hover\u00bb button_one_text_color__hover_enabled=\u00bboff\u00bb button_two_text_color__hover_enabled=\u00bboff\u00bb button_border_width__hover_enabled=\u00bboff\u00bb button_one_border_width__hover_enabled=\u00bboff\u00bb button_two_border_width__hover_enabled=\u00bboff\u00bb button_border_color__hover_enabled=\u00bboff\u00bb button_one_border_color__hover_enabled=\u00bboff\u00bb button_two_border_color__hover_enabled=\u00bboff\u00bb button_border_radius__hover_enabled=\u00bboff\u00bb button_one_border_radius__hover_enabled=\u00bboff\u00bb button_two_border_radius__hover_enabled=\u00bboff\u00bb button_letter_spacing__hover_enabled=\u00bbon\u00bb button_letter_spacing__hover=\u00bb1px\u00bb button_one_letter_spacing__hover_enabled=\u00bboff\u00bb button_two_letter_spacing__hover_enabled=\u00bboff\u00bb button_bg_color__hover_enabled=\u00bbon\u00bb button_bg_color__hover=\u00bb#236299&#8243; button_one_bg_color__hover_enabled=\u00bboff\u00bb button_two_bg_color__hover_enabled=\u00bboff\u00bb button_text_color__hover=\u00bb#FFFFFF\u00bb][\/et_pb_button][\/et_pb_column][et_pb_column type=\u00bb1_4&#8243; _builder_version=\u00bb3.25&#8243; custom_padding=\u00bb|||\u00bb custom_padding__hover=\u00bb|||\u00bb][et_pb_button button_url=\u00bbhttps:\/\/funerariadelmigjorn.com\/es\/contacto\/\u00bb button_text=\u00bbEnviar un mensaje\u00bb button_alignment=\u00bbcenter\u00bb _builder_version=\u00bb4.8.1&#8243; custom_button=\u00bbon\u00bb button_text_size=\u00bb13px\u00bb button_text_color=\u00bb#ffffff\u00bb button_bg_color=\u00bb#000000&#8243; button_border_width=\u00bb0px\u00bb button_border_color=\u00bbrgba(0,0,0,0)\u00bb button_border_radius=\u00bb100px\u00bb button_letter_spacing=\u00bb1px\u00bb button_font=\u00bbLibre Franklin|600|||||||\u00bb button_icon=\u00bb%%109%%\u00bb button_icon_placement=\u00bbleft\u00bb button_on_hover=\u00bboff\u00bb background_layout=\u00bbdark\u00bb custom_padding=\u00bb16px|26px|16px|44px|true|false\u00bb animation_style=\u00bbslide\u00bb animation_direction=\u00bbright\u00bb animation_delay=\u00bb500ms\u00bb animation_intensity_slide=\u00bb5%\u00bb button_letter_spacing_hover=\u00bb1px\u00bb button_bg_color_hover=\u00bb#27d8d2&#8243; button_text_size__hover_enabled=\u00bboff\u00bb button_one_text_size__hover_enabled=\u00bboff\u00bb button_two_text_size__hover_enabled=\u00bboff\u00bb button_text_color__hover_enabled=\u00bbon|hover\u00bb button_one_text_color__hover_enabled=\u00bboff\u00bb button_two_text_color__hover_enabled=\u00bboff\u00bb button_border_width__hover_enabled=\u00bboff\u00bb button_one_border_width__hover_enabled=\u00bboff\u00bb button_two_border_width__hover_enabled=\u00bboff\u00bb button_border_color__hover_enabled=\u00bboff\u00bb button_one_border_color__hover_enabled=\u00bboff\u00bb button_two_border_color__hover_enabled=\u00bboff\u00bb button_border_radius__hover_enabled=\u00bboff\u00bb button_one_border_radius__hover_enabled=\u00bboff\u00bb button_two_border_radius__hover_enabled=\u00bboff\u00bb button_letter_spacing__hover_enabled=\u00bbon\u00bb button_letter_spacing__hover=\u00bb1px\u00bb button_one_letter_spacing__hover_enabled=\u00bboff\u00bb button_two_letter_spacing__hover_enabled=\u00bboff\u00bb button_bg_color__hover_enabled=\u00bbon|hover\u00bb button_bg_color__hover=\u00bb#236299&#8243; button_one_bg_color__hover_enabled=\u00bboff\u00bb button_two_bg_color__hover_enabled=\u00bboff\u00bb button_bg_enable_color__hover=\u00bbon\u00bb button_text_color__hover=\u00bb#FFFFFF\u00bb][\/et_pb_button][\/et_pb_column][\/et_pb_row][et_pb_row column_structure=\u00bb1_4,1_4,1_4,1_4&#8243; use_custom_gutter=\u00bbon\u00bb gutter_width=\u00bb1&#8243; _builder_version=\u00bb4.8.1&#8243; width=\u00bb85%\u00bb max_width=\u00bb85%\u00bb custom_margin=\u00bb70px||30px||false\u00bb custom_padding=\u00bb40px|40px|40px|40px|true|true\u00bb animation_style=\u00bbslide\u00bb animation_direction=\u00bbbottom\u00bb animation_intensity_slide=\u00bb5%\u00bb border_radii=\u00bbon|100px|100px|100px|100px\u00bb border_width_all=\u00bb8px\u00bb border_color_all=\u00bbrgba(255,255,255,0.24)\u00bb box_shadow_style=\u00bbpreset6&#8243; box_shadow_blur=\u00bb55px\u00bb box_shadow_color=\u00bbrgba(0,0,0,0.24)\u00bb use_custom_width=\u00bbon\u00bb custom_width_px=\u00bb1160px\u00bb][et_pb_column type=\u00bb1_4&#8243; _builder_version=\u00bb3.25&#8243; custom_padding=\u00bb|||\u00bb custom_padding__hover=\u00bb|||\u00bb][et_pb_blurb title=\u00bbTramitaciones\u00bb image=\u00bbhttps:\/\/funerariadelmigjorn.com\/wp-content\/uploads\/2021\/01\/funeral-services-icon-light-07.png\u00bb icon_placement=\u00bbleft\u00bb _builder_version=\u00bb4.8.1&#8243; header_font=\u00bb|300|||||||\u00bb header_text_align=\u00bbleft\u00bb header_font_size=\u00bb19px\u00bb header_line_height=\u00bb1.7em\u00bb body_font=\u00bb|300|||||||\u00bb background_layout=\u00bbdark\u00bb filter_brightness=\u00bb200%\u00bb animation_style=\u00bbslide\u00bb animation_direction=\u00bbbottom\u00bb animation=\u00bboff\u00bb header_font_size_tablet=\u00bb30px\u00bb header_font_size_phone=\u00bb25px\u00bb header_font_size_last_edited=\u00bboff|desktop\u00bb][\/et_pb_blurb][\/et_pb_column][et_pb_column type=\u00bb1_4&#8243; _builder_version=\u00bb3.25&#8243; custom_padding=\u00bb|||\u00bb custom_padding__hover=\u00bb|||\u00bb][et_pb_blurb title=\u00bbGesti\u00f3n de ceremonia\u00bb image=\u00bbhttps:\/\/funerariadelmigjorn.com\/wp-content\/uploads\/2021\/01\/funeral-services-icon-light-06.png\u00bb icon_placement=\u00bbleft\u00bb _builder_version=\u00bb4.8.1&#8243; header_font=\u00bb|300|||||||\u00bb header_text_align=\u00bbleft\u00bb header_font_size=\u00bb19px\u00bb header_line_height=\u00bb1.7em\u00bb body_font=\u00bb|300|||||||\u00bb background_layout=\u00bbdark\u00bb filter_brightness=\u00bb200%\u00bb animation_style=\u00bbslide\u00bb animation_direction=\u00bbbottom\u00bb animation=\u00bboff\u00bb header_font_size_tablet=\u00bb30px\u00bb header_font_size_phone=\u00bb25px\u00bb header_font_size_last_edited=\u00bboff|desktop\u00bb][\/et_pb_blurb][\/et_pb_column][et_pb_column type=\u00bb1_4&#8243; _builder_version=\u00bb3.25&#8243; custom_padding=\u00bb|||\u00bb custom_padding__hover=\u00bb|||\u00bb][et_pb_blurb title=\u00bbRecogida del difunto\u00bb image=\u00bbhttps:\/\/funerariadelmigjorn.com\/wp-content\/uploads\/2021\/01\/funeral-services-icon-light-05.png\u00bb icon_placement=\u00bbleft\u00bb _builder_version=\u00bb4.8.1&#8243; header_font=\u00bb|300|||||||\u00bb header_text_align=\u00bbleft\u00bb header_font_size=\u00bb19px\u00bb header_line_height=\u00bb1.7em\u00bb body_font=\u00bb|300|||||||\u00bb background_layout=\u00bbdark\u00bb filter_brightness=\u00bb200%\u00bb animation_style=\u00bbslide\u00bb animation_direction=\u00bbbottom\u00bb animation=\u00bboff\u00bb header_font_size_tablet=\u00bb30px\u00bb header_font_size_phone=\u00bb25px\u00bb header_font_size_last_edited=\u00bboff|desktop\u00bb][\/et_pb_blurb][\/et_pb_column][et_pb_column type=\u00bb1_4&#8243; _builder_version=\u00bb3.25&#8243; custom_padding=\u00bb|||\u00bb custom_padding__hover=\u00bb|||\u00bb][et_pb_blurb title=\u00bbConfecci\u00f3n de esquelas\u00bb image=\u00bbhttps:\/\/funerariadelmigjorn.com\/wp-content\/uploads\/2021\/01\/funeral-services-icon-light-04.png\u00bb icon_placement=\u00bbleft\u00bb _builder_version=\u00bb4.8.1&#8243; header_font=\u00bb|300|||||||\u00bb header_text_align=\u00bbleft\u00bb header_font_size=\u00bb19px\u00bb header_line_height=\u00bb1.7em\u00bb body_font=\u00bb|300|||||||\u00bb background_layout=\u00bbdark\u00bb filter_brightness=\u00bb200%\u00bb animation_style=\u00bbslide\u00bb animation_direction=\u00bbbottom\u00bb animation=\u00bboff\u00bb header_font_size_tablet=\u00bb30px\u00bb header_font_size_phone=\u00bb25px\u00bb header_font_size_last_edited=\u00bboff|desktop\u00bb locked=\u00bboff\u00bb][\/et_pb_blurb][\/et_pb_column][\/et_pb_row][\/et_pb_section][et_pb_section fb_built=\u00bb1&#8243; admin_label=\u00bbProcess\u00bb _builder_version=\u00bb4.8.1&#8243; use_background_color_gradient=\u00bbon\u00bb background_color_gradient_start=\u00bb#ffffff\u00bb background_color_gradient_end=\u00bb#f2f2f2&#8243; custom_padding=\u00bb||0px|||\u00bb][et_pb_row column_structure=\u00bb1_5,3_5,1_5&#8243; _builder_version=\u00bb3.25&#8243; custom_padding=\u00bb27px|0px|0|0px|false|false\u00bb][et_pb_column type=\u00bb1_5&#8243; _builder_version=\u00bb3.25&#8243; custom_padding=\u00bb|||\u00bb custom_padding__hover=\u00bb|||\u00bb][et_pb_divider color=\u00bbrgba(0,0,0,0.08)\u00bb divider_position=\u00bbbottom\u00bb divider_weight=\u00bb2px\u00bb divider_weight_last_edited=\u00bboff|desktop\u00bb disabled_on=\u00bbon|off|off\u00bb _builder_version=\u00bb4.8.1&#8243; width_tablet=\u00bb20%\u00bb width_phone=\u00bb20%\u00bb width_last_edited=\u00bbon|desktop\u00bb max_width_phone=\u00bb10%\u00bb max_width_last_edited=\u00bboff|tablet\u00bb animation_style=\u00bbslide\u00bb animation_direction=\u00bbright\u00bb locked=\u00bboff\u00bb][\/et_pb_divider][\/et_pb_column][et_pb_column type=\u00bb3_5&#8243; _builder_version=\u00bb3.25&#8243; custom_padding=\u00bb|||\u00bb custom_padding__hover=\u00bb|||\u00bb][et_pb_image src=\u00bbhttps:\/\/funerariadelmigjorn.com\/wp-content\/uploads\/2020\/11\/logo-mapa-e1477828761549.png\u00bb title_text=\u00bblogo-mapa-e1477828761549&#8243; align=\u00bbcenter\u00bb _builder_version=\u00bb4.8.1&#8243; _module_preset=\u00bbdefault\u00bb custom_margin=\u00bb-35px|||||\u00bb][\/et_pb_image][et_pb_text _builder_version=\u00bb4.9.1&#8243; text_font=\u00bb|300|||||||\u00bb header_font=\u00bb||||||||\u00bb header_2_font=\u00bb||||||||\u00bb header_2_font_size=\u00bb35px\u00bb header_2_line_height=\u00bb1.4em\u00bb text_orientation=\u00bbcenter\u00bb max_width=\u00bb600px\u00bb module_alignment=\u00bbcenter\u00bb custom_margin=\u00bb-31px||-54px|||\u00bb custom_padding=\u00bb14px||0px|||\u00bb hover_enabled=\u00bb0&#8243; header_2_font_size_tablet=\u00bb30px\u00bb header_2_font_size_phone=\u00bb25px\u00bb header_2_font_size_last_edited=\u00bbon|desktop\u00bb sticky_enabled=\u00bb0&#8243;]<\/p>\n<h2>Qui\u00e9nes somos<\/h2>\n<p>Con ra\u00edces en Ses Salines, en el sur de Mallorca, nos distinguen nuestra cercan\u00eda, delicadeza, respeto y esp\u00edritu local pero en constante evoluci\u00f3n, lo que nos ha permitido poder trabajar de manera confiada y exitosa en cualquier lugar de la isla.<\/p>\n<p><strong><a href=\"https:\/\/funerariadelmigjorn.com\/es\/quenes-somos\/\">M\u00e1s informaci\u00f3n<\/a><\/strong><\/p>\n<p>&nbsp;<\/p>\n<p>[\/et_pb_text][\/et_pb_column][et_pb_column type=\u00bb1_5&#8243; _builder_version=\u00bb3.25&#8243; custom_padding=\u00bb|||\u00bb custom_padding__hover=\u00bb|||\u00bb][et_pb_divider color=\u00bbrgba(0,0,0,0.08)\u00bb divider_position=\u00bbbottom\u00bb divider_weight=\u00bb2px\u00bb disabled_on=\u00bbon|off|off\u00bb _builder_version=\u00bb4.8.1&#8243; width_tablet=\u00bb20%\u00bb width_phone=\u00bb20%\u00bb width_last_edited=\u00bbon|phone\u00bb animation_style=\u00bbslide\u00bb animation_direction=\u00bbleft\u00bb locked=\u00bboff\u00bb][\/et_pb_divider][\/et_pb_column][\/et_pb_row][et_pb_row column_structure=\u00bb1_5,1_5,1_5,1_5,1_5&#8243; use_custom_gutter=\u00bbon\u00bb gutter_width=\u00bb2&#8243; _builder_version=\u00bb4.8.1&#8243; max_width=\u00bb1400px\u00bb custom_padding=\u00bb0|0px|48px|0px|false|false\u00bb use_custom_width=\u00bbon\u00bb custom_width_px=\u00bb1400px\u00bb][et_pb_column type=\u00bb1_5&#8243; _builder_version=\u00bb3.25&#8243; custom_padding=\u00bb|||\u00bb custom_padding__hover=\u00bb|||\u00bb][et_pb_blurb title=\u00bbGesti\u00f3n previa\u00bb url=\u00bbhttps:\/\/funerariadelmigjorn.com\/es\/servicios-funerarios\/\u00bb image=\u00bbhttps:\/\/funerariadelmigjorn.com\/wp-content\/uploads\/2021\/01\/funeral-services-icon-dark-04.png\u00bb image_max_width=\u00bb80px\u00bb _builder_version=\u00bb4.8.1&#8243; header_font=\u00bb||||||||\u00bb header_font_size=\u00bb20px\u00bb header_line_height=\u00bb1.5em\u00bb body_font=\u00bb|300|||||||\u00bb body_font_size=\u00bb14px\u00bb body_line_height=\u00bb1.9em\u00bb text_orientation=\u00bbcenter\u00bb animation_style=\u00bbslide\u00bb animation_direction=\u00bbtop\u00bb animation_intensity_slide=\u00bb2%\u00bb animation=\u00bboff\u00bb header_font_size_tablet=\u00bb30px\u00bb header_font_size_phone=\u00bb25px\u00bb header_font_size_last_edited=\u00bboff|desktop\u00bb border_radii_image=\u00bbon|100px|100px|100px|100px\u00bb border_width_all_image=\u00bb10px\u00bb border_color_all_image=\u00bb#ffffff\u00bb box_shadow_style_image=\u00bbpreset5&#8243; box_shadow_vertical_image=\u00bb0px\u00bb box_shadow_spread_image=\u00bb2px\u00bb box_shadow_color_image=\u00bb#eceff3&#8243;]Nos encargamos de toda la documentaci\u00f3n y tramitaciones necesarias.[\/et_pb_blurb][\/et_pb_column][et_pb_column type=\u00bb1_5&#8243; _builder_version=\u00bb3.25&#8243; custom_padding=\u00bb6%|||\u00bb custom_padding_tablet=\u00bb0%|||\u00bb custom_padding_phone=\u00bb\u00bb custom_padding_last_edited=\u00bbon|tablet\u00bb padding_tablet=\u00bb0%|||\u00bb padding_last_edited=\u00bbon|tablet\u00bb custom_padding__hover=\u00bb|||\u00bb][et_pb_blurb title=\u00bbTraslados\u00bb url=\u00bbhttps:\/\/funerariadelmigjorn.com\/es\/traslado-intercomunitario-y-de-traslado-internacional\/\u00bb image=\u00bbhttps:\/\/funerariadelmigjorn.com\/wp-content\/uploads\/2021\/01\/funeral-services-icon-dark-06.png\u00bb image_max_width=\u00bb80px\u00bb _builder_version=\u00bb4.8.1&#8243; header_level=\u00bbh3&#8243; header_font=\u00bb||||||||\u00bb header_font_size=\u00bb20px\u00bb header_line_height=\u00bb1.5em\u00bb body_font=\u00bb|300|||||||\u00bb body_font_size=\u00bb14px\u00bb body_line_height=\u00bb1.9em\u00bb text_orientation=\u00bbcenter\u00bb animation_style=\u00bbslide\u00bb animation_direction=\u00bbtop\u00bb animation_intensity_slide=\u00bb22%\u00bb animation=\u00bboff\u00bb header_font_size_tablet=\u00bb30px\u00bb header_font_size_phone=\u00bb25px\u00bb header_font_size_last_edited=\u00bboff|desktop\u00bb border_radii_image=\u00bbon|100px|100px|100px|100px\u00bb border_width_all_image=\u00bb10px\u00bb border_color_all_image=\u00bb#ffffff\u00bb box_shadow_style_image=\u00bbpreset5&#8243; box_shadow_vertical_image=\u00bb0px\u00bb box_shadow_spread_image=\u00bb2px\u00bb box_shadow_color_image=\u00bb#eceff3&#8243;]<\/p>\n<p>Servicio de traslado intercomunitario y e internacional.<\/p>\n<p>[\/et_pb_blurb][\/et_pb_column][et_pb_column type=\u00bb1_5&#8243; _builder_version=\u00bb3.25&#8243; custom_padding=\u00bb9%|||\u00bb custom_padding_tablet=\u00bb0%|||\u00bb custom_padding_phone=\u00bb\u00bb custom_padding_last_edited=\u00bbon|tablet\u00bb padding_tablet=\u00bb0%|||\u00bb padding_last_edited=\u00bbon|tablet\u00bb custom_padding__hover=\u00bb|||\u00bb][et_pb_blurb title=\u00bbServicios de cementerio\u00bb url=\u00bbhttps:\/\/funerariadelmigjorn.com\/es\/servicios-complementarios-y-de-cementerio\/\u00bb image=\u00bbhttps:\/\/funerariadelmigjorn.com\/wp-content\/uploads\/2021\/01\/funeral-services-icon-dark-08.png\u00bb image_max_width=\u00bb80px\u00bb _builder_version=\u00bb4.8.1&#8243; header_font=\u00bb||||||||\u00bb header_font_size=\u00bb20px\u00bb header_line_height=\u00bb1.5em\u00bb body_font=\u00bb|300|||||||\u00bb body_font_size=\u00bb14px\u00bb body_line_height=\u00bb1.9em\u00bb text_orientation=\u00bbcenter\u00bb animation_style=\u00bbslide\u00bb animation_direction=\u00bbtop\u00bb animation_intensity_slide=\u00bb26%\u00bb animation=\u00bboff\u00bb header_font_size_tablet=\u00bb30px\u00bb header_font_size_phone=\u00bb25px\u00bb header_font_size_last_edited=\u00bboff|desktop\u00bb border_radii_image=\u00bbon|100px|100px|100px|100px\u00bb border_width_all_image=\u00bb10px\u00bb border_color_all_image=\u00bb#ffffff\u00bb box_shadow_style_image=\u00bbpreset5&#8243; box_shadow_vertical_image=\u00bb0px\u00bb box_shadow_spread_image=\u00bb2px\u00bb box_shadow_color_image=\u00bb#eceff3&#8243; locked=\u00bboff\u00bb]<\/p>\n<p>Gestionamos el Cementerio y Tanatorio Municipales de Ses Salines bajo una concesi\u00f3n administrativa de forma pr\u00e1cticamente integral.<\/p>\n<p>[\/et_pb_blurb][\/et_pb_column][et_pb_column type=\u00bb1_5&#8243; _builder_version=\u00bb3.25&#8243; custom_padding=\u00bb6%|||\u00bb custom_padding_tablet=\u00bb0%|||\u00bb custom_padding_phone=\u00bb\u00bb custom_padding_last_edited=\u00bbon|tablet\u00bb padding_tablet=\u00bb0%|||\u00bb padding_last_edited=\u00bbon|tablet\u00bb custom_padding__hover=\u00bb|||\u00bb][et_pb_blurb title=\u00bbServicios funerarios\u00bb url=\u00bbhttps:\/\/funerariadelmigjorn.com\/es\/servicios-funerarios\/\u00bb image=\u00bbhttps:\/\/funerariadelmigjorn.com\/wp-content\/uploads\/2021\/01\/funeral-services-icon-dark-09.png\u00bb image_max_width=\u00bb80px\u00bb _builder_version=\u00bb4.8.1&#8243; header_font=\u00bb||||||||\u00bb header_font_size=\u00bb20px\u00bb header_line_height=\u00bb1.5em\u00bb body_font=\u00bb|300|||||||\u00bb body_font_size=\u00bb14px\u00bb body_line_height=\u00bb1.9em\u00bb text_orientation=\u00bbcenter\u00bb animation_style=\u00bbslide\u00bb animation_direction=\u00bbtop\u00bb animation_intensity_slide=\u00bb22%\u00bb animation=\u00bboff\u00bb header_font_size_tablet=\u00bb30px\u00bb header_font_size_phone=\u00bb25px\u00bb header_font_size_last_edited=\u00bboff|desktop\u00bb border_radii_image=\u00bbon|100px|100px|100px|100px\u00bb border_width_all_image=\u00bb10px\u00bb border_color_all_image=\u00bb#ffffff\u00bb box_shadow_style_image=\u00bbpreset5&#8243; box_shadow_vertical_image=\u00bb0px\u00bb box_shadow_spread_image=\u00bb2px\u00bb box_shadow_color_image=\u00bb#eceff3&#8243;]Seg\u00fan la voluntad del solicitante del servicio, contactamos con todas las personas implicadas con el servicio.[\/et_pb_blurb][\/et_pb_column][et_pb_column type=\u00bb1_5&#8243; _builder_version=\u00bb3.25&#8243; custom_padding=\u00bb|||\u00bb custom_padding__hover=\u00bb|||\u00bb][et_pb_blurb title=\u00bbServicios complementarios\u00bb url=\u00bbhttps:\/\/funerariadelmigjorn.com\/es\/servicios-complementarios-y-de-cementerio\/\u00bb image=\u00bbhttps:\/\/funerariadelmigjorn.com\/wp-content\/uploads\/2021\/01\/funeral-services-icon-dark-05.png\u00bb image_max_width=\u00bb80px\u00bb _builder_version=\u00bb4.8.1&#8243; header_font=\u00bb||||||||\u00bb header_font_size=\u00bb20px\u00bb header_line_height=\u00bb1.5em\u00bb body_font=\u00bb|300|||||||\u00bb body_font_size=\u00bb14px\u00bb body_line_height=\u00bb1.9em\u00bb text_orientation=\u00bbcenter\u00bb animation_style=\u00bbslide\u00bb animation_direction=\u00bbtop\u00bb animation_intensity_slide=\u00bb2%\u00bb animation=\u00bboff\u00bb header_font_size_tablet=\u00bb30px\u00bb header_font_size_phone=\u00bb25px\u00bb header_font_size_last_edited=\u00bboff|desktop\u00bb border_radii_image=\u00bbon|100px|100px|100px|100px\u00bb border_width_all_image=\u00bb10px\u00bb border_color_all_image=\u00bb#ffffff\u00bb box_shadow_style_image=\u00bbpreset5&#8243; box_shadow_vertical_image=\u00bb0px\u00bb box_shadow_spread_image=\u00bb2px\u00bb box_shadow_color_image=\u00bb#eceff3&#8243;]<\/p>\n<p>Recordatorios, libros de firmas, esquelas, coche de acompa\u00f1amiento, m\u00fasica, y mantenimiento entre otros.<\/p>\n<p>[\/et_pb_blurb][\/et_pb_column][\/et_pb_row][\/et_pb_section][et_pb_section fb_built=\u00bb1&#8243; admin_label=\u00bbTestimonials\u00bb _builder_version=\u00bb4.8.1&#8243; use_background_color_gradient=\u00bbon\u00bb background_color_gradient_start=\u00bbrgba(255,255,255,0.95)\u00bb background_color_gradient_end=\u00bbrgba(255,255,255,0.97)\u00bb background_color_gradient_start_position=\u00bb60%\u00bb background_color_gradient_overlays_image=\u00bbon\u00bb background_enable_image=\u00bboff\u00bb background_size=\u00bbinitial\u00bb background_position=\u00bbbottom_left\u00bb custom_margin=\u00bb-5px||-86px|||\u00bb custom_padding=\u00bb0|0px|9vw|0px|false|false\u00bb saved_tabs=\u00bball\u00bb][et_pb_row _builder_version=\u00bb3.25&#8243; custom_padding=\u00bb78px|0px|0|0px|false|false\u00bb][et_pb_column type=\u00bb4_4&#8243; _builder_version=\u00bb3.25&#8243; custom_padding=\u00bb|||\u00bb custom_padding__hover=\u00bb|||\u00bb][\/et_pb_column][\/et_pb_row][et_pb_row column_structure=\u00bb1_4,1_2,1_4&#8243; _builder_version=\u00bb3.25&#8243; custom_padding=\u00bb27px|0px|0|0px|false|false\u00bb locked=\u00bboff\u00bb][et_pb_column type=\u00bb1_4&#8243; _builder_version=\u00bb3.25&#8243; custom_padding=\u00bb|||\u00bb custom_padding__hover=\u00bb|||\u00bb][et_pb_divider color=\u00bbrgba(0,0,0,0.08)\u00bb divider_position=\u00bbbottom\u00bb divider_weight=\u00bb2px\u00bb _builder_version=\u00bb3.15&#8243; animation_style=\u00bbslide\u00bb animation_direction=\u00bbright\u00bb locked=\u00bboff\u00bb][\/et_pb_divider][\/et_pb_column][et_pb_column type=\u00bb1_2&#8243; _builder_version=\u00bb3.25&#8243; custom_padding=\u00bb|||\u00bb custom_padding__hover=\u00bb|||\u00bb][et_pb_text _builder_version=\u00bb4.8.1&#8243; text_font=\u00bb||||||||\u00bb header_font=\u00bb||||||||\u00bb header_2_font=\u00bb||||||||\u00bb header_2_font_size=\u00bb35px\u00bb header_2_line_height=\u00bb1.4em\u00bb text_orientation=\u00bbcenter\u00bb max_width=\u00bb600px\u00bb module_alignment=\u00bbcenter\u00bb header_2_font_size_tablet=\u00bb30px\u00bb header_2_font_size_phone=\u00bb25px\u00bb header_2_font_size_last_edited=\u00bbon|desktop\u00bb]<\/p>\n<h2>Nuestro Cat\u00e1logo<\/h2>\n<p>[\/et_pb_text][\/et_pb_column][et_pb_column type=\u00bb1_4&#8243; _builder_version=\u00bb3.25&#8243; custom_padding=\u00bb|||\u00bb custom_padding__hover=\u00bb|||\u00bb][et_pb_divider color=\u00bbrgba(0,0,0,0.08)\u00bb divider_position=\u00bbbottom\u00bb divider_weight=\u00bb2px\u00bb disabled_on=\u00bbon|on|off\u00bb _builder_version=\u00bb3.15&#8243; animation_style=\u00bbslide\u00bb animation_direction=\u00bbleft\u00bb locked=\u00bboff\u00bb][\/et_pb_divider][\/et_pb_column][\/et_pb_row][et_pb_row column_structure=\u00bb1_4,1_4,1_4,1_4&#8243; _builder_version=\u00bb3.25&#8243;][et_pb_column type=\u00bb1_4&#8243; _builder_version=\u00bb3.25&#8243; custom_padding=\u00bb|||\u00bb custom_padding__hover=\u00bb|||\u00bb][et_pb_blurb title=\u00bbF\u00e9retros\u00bb url=\u00bbhttps:\/\/funerariadelmigjorn.com\/es\/feretros\/\u00bb image=\u00bbhttps:\/\/funerariadelmigjorn.com\/wp-content\/uploads\/2021\/01\/omega-1024&#215;736-1-1.jpg\u00bb image_max_width=\u00bb80px\u00bb _builder_version=\u00bb4.9.1&#8243; header_font=\u00bb||||||||\u00bb header_font_size=\u00bb20px\u00bb header_line_height=\u00bb1.5em\u00bb body_font=\u00bb|300|||||||\u00bb body_font_size=\u00bb14px\u00bb body_line_height=\u00bb1.9em\u00bb text_orientation=\u00bbcenter\u00bb animation_style=\u00bbslide\u00bb animation_direction=\u00bbtop\u00bb animation_intensity_slide=\u00bb26%\u00bb animation=\u00bboff\u00bb header_font_size_tablet=\u00bb30px\u00bb header_font_size_phone=\u00bb25px\u00bb header_font_size_last_edited=\u00bboff|desktop\u00bb border_radii_image=\u00bbon|100px|100px|100px|100px\u00bb border_width_all_image=\u00bb10px\u00bb border_color_all_image=\u00bb#ffffff\u00bb box_shadow_style_image=\u00bbpreset5&#8243; box_shadow_vertical_image=\u00bb0px\u00bb box_shadow_spread_image=\u00bb2px\u00bb box_shadow_color_image=\u00bb#eceff3&#8243; locked=\u00bboff\u00bb][\/et_pb_blurb][\/et_pb_column][et_pb_column type=\u00bb1_4&#8243; _builder_version=\u00bb3.25&#8243; custom_padding=\u00bb|||\u00bb custom_padding__hover=\u00bb|||\u00bb][et_pb_blurb title=\u00bbUrnas\u00bb url=\u00bbhttps:\/\/funerariadelmigjorn.com\/es\/urnas\/\u00bb image=\u00bbhttps:\/\/funerariadelmigjorn.com\/wp-content\/uploads\/2020\/11\/UrneA-1.jpg\u00bb image_max_width=\u00bb80px\u00bb _builder_version=\u00bb4.9.1&#8243; header_font=\u00bb||||||||\u00bb header_font_size=\u00bb20px\u00bb header_line_height=\u00bb1.5em\u00bb body_font=\u00bb|300|||||||\u00bb body_font_size=\u00bb14px\u00bb body_line_height=\u00bb1.9em\u00bb text_orientation=\u00bbcenter\u00bb animation_style=\u00bbslide\u00bb animation_direction=\u00bbtop\u00bb animation_intensity_slide=\u00bb26%\u00bb animation=\u00bboff\u00bb header_font_size_tablet=\u00bb30px\u00bb header_font_size_phone=\u00bb25px\u00bb header_font_size_last_edited=\u00bboff|desktop\u00bb border_radii_image=\u00bbon|100px|100px|100px|100px\u00bb border_width_all_image=\u00bb10px\u00bb border_color_all_image=\u00bb#ffffff\u00bb box_shadow_style_image=\u00bbpreset5&#8243; box_shadow_vertical_image=\u00bb0px\u00bb box_shadow_spread_image=\u00bb2px\u00bb box_shadow_color_image=\u00bb#eceff3&#8243; locked=\u00bboff\u00bb][\/et_pb_blurb][\/et_pb_column][et_pb_column type=\u00bb1_4&#8243; _builder_version=\u00bb3.25&#8243; custom_padding=\u00bb|||\u00bb custom_padding__hover=\u00bb|||\u00bb][et_pb_blurb title=\u00bbMini Urnas\u00bb url=\u00bbhttps:\/\/funerariadelmigjorn.com\/es\/mini-urnas\/\u00bb image=\u00bbhttps:\/\/funerariadelmigjorn.com\/wp-content\/uploads\/2020\/11\/UrneC.jpg\u00bb image_max_width=\u00bb80px\u00bb _builder_version=\u00bb4.9.1&#8243; header_font=\u00bb||||||||\u00bb header_font_size=\u00bb20px\u00bb header_line_height=\u00bb1.5em\u00bb body_font=\u00bb|300|||||||\u00bb body_font_size=\u00bb14px\u00bb body_line_height=\u00bb1.9em\u00bb text_orientation=\u00bbcenter\u00bb animation_style=\u00bbslide\u00bb animation_direction=\u00bbtop\u00bb animation_intensity_slide=\u00bb26%\u00bb animation=\u00bboff\u00bb header_font_size_tablet=\u00bb30px\u00bb header_font_size_phone=\u00bb25px\u00bb header_font_size_last_edited=\u00bboff|desktop\u00bb border_radii_image=\u00bbon|100px|100px|100px|100px\u00bb border_width_all_image=\u00bb10px\u00bb border_color_all_image=\u00bb#ffffff\u00bb box_shadow_style_image=\u00bbpreset5&#8243; box_shadow_vertical_image=\u00bb0px\u00bb box_shadow_spread_image=\u00bb2px\u00bb box_shadow_color_image=\u00bb#eceff3&#8243; locked=\u00bboff\u00bb][\/et_pb_blurb][\/et_pb_column][et_pb_column type=\u00bb1_4&#8243; _builder_version=\u00bb3.25&#8243; custom_padding=\u00bb|||\u00bb custom_padding__hover=\u00bb|||\u00bb][et_pb_blurb title=\u00bbCollares\u00bb url=\u00bbhttps:\/\/funerariadelmigjorn.com\/es\/collares\/\u00bb image=\u00bbhttps:\/\/funerariadelmigjorn.com\/wp-content\/uploads\/2020\/11\/9537HE.png\u00bb image_max_width=\u00bb80px\u00bb _builder_version=\u00bb4.9.1&#8243; header_font=\u00bb||||||||\u00bb header_font_size=\u00bb20px\u00bb header_line_height=\u00bb1.5em\u00bb body_font=\u00bb|300|||||||\u00bb body_font_size=\u00bb14px\u00bb body_line_height=\u00bb1.9em\u00bb text_orientation=\u00bbcenter\u00bb animation_style=\u00bbslide\u00bb animation_direction=\u00bbtop\u00bb animation_intensity_slide=\u00bb26%\u00bb animation=\u00bboff\u00bb header_font_size_tablet=\u00bb30px\u00bb header_font_size_phone=\u00bb25px\u00bb header_font_size_last_edited=\u00bboff|desktop\u00bb border_radii_image=\u00bbon|100px|100px|100px|100px\u00bb border_width_all_image=\u00bb10px\u00bb border_color_all_image=\u00bb#ffffff\u00bb box_shadow_style_image=\u00bbpreset5&#8243; box_shadow_vertical_image=\u00bb0px\u00bb box_shadow_spread_image=\u00bb2px\u00bb box_shadow_color_image=\u00bb#eceff3&#8243; locked=\u00bboff\u00bb][\/et_pb_blurb][\/et_pb_column][\/et_pb_row][\/et_pb_section][et_pb_section fb_built=\u00bb1&#8243; admin_label=\u00bbTestimonials\u00bb _builder_version=\u00bb4.8.1&#8243; use_background_color_gradient=\u00bbon\u00bb background_color_gradient_start=\u00bbrgba(255,255,255,0.95)\u00bb background_color_gradient_end=\u00bbrgba(255,255,255,0.97)\u00bb background_color_gradient_start_position=\u00bb60%\u00bb background_color_gradient_overlays_image=\u00bbon\u00bb background_enable_image=\u00bboff\u00bb background_size=\u00bbinitial\u00bb background_position=\u00bbbottom_left\u00bb custom_margin=\u00bb-5px||-86px|||\u00bb custom_padding=\u00bb0|0px|9vw|0px|false|false\u00bb saved_tabs=\u00bball\u00bb][et_pb_row _builder_version=\u00bb3.25&#8243; custom_padding=\u00bb78px|0px|0|0px|false|false\u00bb][et_pb_column type=\u00bb4_4&#8243; _builder_version=\u00bb3.25&#8243; custom_padding=\u00bb|||\u00bb custom_padding__hover=\u00bb|||\u00bb][\/et_pb_column][\/et_pb_row][et_pb_row column_structure=\u00bb1_4,1_2,1_4&#8243; _builder_version=\u00bb3.25&#8243; custom_padding=\u00bb27px|0px|0|0px|false|false\u00bb locked=\u00bboff\u00bb][et_pb_column type=\u00bb1_4&#8243; _builder_version=\u00bb3.25&#8243; custom_padding=\u00bb|||\u00bb custom_padding__hover=\u00bb|||\u00bb][et_pb_divider color=\u00bbrgba(0,0,0,0.08)\u00bb divider_position=\u00bbbottom\u00bb divider_weight=\u00bb2px\u00bb _builder_version=\u00bb3.15&#8243; animation_style=\u00bbslide\u00bb animation_direction=\u00bbright\u00bb locked=\u00bboff\u00bb][\/et_pb_divider][\/et_pb_column][et_pb_column type=\u00bb1_2&#8243; _builder_version=\u00bb3.25&#8243; custom_padding=\u00bb|||\u00bb custom_padding__hover=\u00bb|||\u00bb][et_pb_text _builder_version=\u00bb4.9.1&#8243; text_font=\u00bb||||||||\u00bb header_font=\u00bb||||||||\u00bb header_2_font=\u00bb||||||||\u00bb header_2_font_size=\u00bb35px\u00bb header_2_line_height=\u00bb1.4em\u00bb text_orientation=\u00bbcenter\u00bb max_width=\u00bb600px\u00bb module_alignment=\u00bbcenter\u00bb header_2_font_size_tablet=\u00bb30px\u00bb header_2_font_size_phone=\u00bb25px\u00bb header_2_font_size_last_edited=\u00bbon|desktop\u00bb]<\/p>\n<h2>Preguntas Frecuentes<\/h2>\n<p>[\/et_pb_text][\/et_pb_column][et_pb_column type=\u00bb1_4&#8243; _builder_version=\u00bb3.25&#8243; custom_padding=\u00bb|||\u00bb custom_padding__hover=\u00bb|||\u00bb][et_pb_divider color=\u00bbrgba(0,0,0,0.08)\u00bb divider_position=\u00bbbottom\u00bb divider_weight=\u00bb2px\u00bb disabled_on=\u00bbon|on|off\u00bb _builder_version=\u00bb3.15&#8243; animation_style=\u00bbslide\u00bb animation_direction=\u00bbleft\u00bb locked=\u00bboff\u00bb][\/et_pb_divider][\/et_pb_column][\/et_pb_row][et_pb_row _builder_version=\u00bb3.25&#8243; custom_padding=\u00bb27px|0px|0|0px|false|false\u00bb locked=\u00bboff\u00bb][et_pb_column type=\u00bb4_4&#8243; _builder_version=\u00bb3.25&#8243; custom_padding=\u00bb|||\u00bb custom_padding__hover=\u00bb|||\u00bb][et_pb_text _builder_version=\u00bb4.9.1&#8243; _module_preset=\u00bbdefault\u00bb]Los familiares han de saber que son libres de elegir la empresa funeraria que deseen para la prestaci\u00f3n del servicio y que ninguna aseguradora, hospital, residencia o centro geri\u00e1trico puede imponer una empresa en particular, sea o no del municipio donde acontece la defunci\u00f3n o el cual ser\u00e1 el destino final del fallecido. En caso de tener un seguro de decesos pueden avisar directamente a la funeraria elegida y esta se pondr\u00e1 en contacto con la compa\u00f1\u00eda aseguradora.[\/et_pb_text][et_pb_divider color=\u00bbrgba(0,0,0,0.08)\u00bb divider_position=\u00bbbottom\u00bb divider_weight=\u00bb2px\u00bb disabled_on=\u00bbon|on|off\u00bb _builder_version=\u00bb3.15&#8243; animation_style=\u00bbslide\u00bb animation_direction=\u00bbleft\u00bb locked=\u00bboff\u00bb][\/et_pb_divider][\/et_pb_column][\/et_pb_row][et_pb_row column_structure=\u00bb1_2,1_2&#8243; _builder_version=\u00bb4.9.1&#8243; _module_preset=\u00bbdefault\u00bb][et_pb_column type=\u00bb1_2&#8243; _builder_version=\u00bb4.9.1&#8243; _module_preset=\u00bbdefault\u00bb][et_pb_accordion _builder_version=\u00bb4.9.1&#8243; _module_preset=\u00bbdefault\u00bb][et_pb_accordion_item title=\u00bb\u00bfQu\u00e9 hacer en caso de defunci\u00f3n?\u00bb open=\u00bbon\u00bb _builder_version=\u00bb4.9.1&#8243; _module_preset=\u00bbdefault\u00bb]<\/p>\n<p>Disponemos de un tel\u00e9fono de guardia (+34 669 494 261) para atender llamadas 24 h., cada uno de los d\u00edas del a\u00f1o. Una vez recibido el aviso, un agente se dirigir\u00e1 lo m\u00e1s r\u00e1pido posible al domicilio, hospital, residencia o cualquier otro sitio donde se haya producido la defunci\u00f3n indicado previamente. La documentaci\u00f3n necesaria para la gesti\u00f3n de los tr\u00e1mites pertinentes es:<\/p>\n<ul>\n<li>Certificado M\u00e9dico de Defunci\u00f3n u Hoja de Atenci\u00f3n Urgente firmada por el m\u00e9dico que confirme el \u00e9xitus.<\/li>\n<li>DNI del fallecido<\/li>\n<li>DNI de la persona que solicita el servicio<\/li>\n<li>T\u00edtulo del nicho o sepultura, si se dispone de alguna en propiedad<\/li>\n<li>P\u00f3liza actualizada y\/o \u00faltimo recibo si se tiene contratado un seguro de decesos<\/li>\n<\/ul>\n<p>[\/et_pb_accordion_item][\/et_pb_accordion][\/et_pb_column][et_pb_column type=\u00bb1_2&#8243; _builder_version=\u00bb4.9.1&#8243; _module_preset=\u00bbdefault\u00bb][et_pb_accordion _builder_version=\u00bb4.9.1&#8243; _module_preset=\u00bbdefault\u00bb][et_pb_accordion_item title=\u00bbDefunci\u00f3n natural vs. Defunci\u00f3n judicial\u00bb open=\u00bbon\u00bb _builder_version=\u00bb4.9.1&#8243; _module_preset=\u00bbdefault\u00bb]<\/p>\n<p>En la mayor\u00eda de casos, las defunciones son certificadas por un m\u00e9dico indicando la causa de la muerte. Estas son las llamadas defunciones naturales.<\/p>\n<p>Las defunciones que se producen por causas indeterminadas o que no se pueden asegurar en el momento del fallecimiento son las defunciones judiciales. En este caso, despu\u00e9s de la actuaci\u00f3n de la Guardia Civil y a Polic\u00eda Judicial, se debe trasladar el difunto al Instituto Anat\u00f3mico Forense, situado en Palma, para que se le practique la autopsia y determinar oficialmente cu\u00e1l ha sido la causa de la muerte.<\/p>\n<p>Una vez confirmada el motivo de la defunci\u00f3n, es necesaria la intervenci\u00f3n de un juez que autorice el traslado del fallecido desde el Instituto para poder continuar con los procedimientos habituales de todas las defunciones.<\/p>\n<p>[\/et_pb_accordion_item][\/et_pb_accordion][\/et_pb_column][\/et_pb_row][et_pb_row _builder_version=\u00bb4.9.1&#8243; _module_preset=\u00bbdefault\u00bb][et_pb_column type=\u00bb4_4&#8243; _builder_version=\u00bb4.9.1&#8243; _module_preset=\u00bbdefault\u00bb][et_pb_button button_url=\u00bb\/es\/faqs\/\u00bb button_text=\u00bbVer m\u00e1s\u00bb button_alignment=\u00bbcenter\u00bb _builder_version=\u00bb4.9.1&#8243; _module_preset=\u00bbdefault\u00bb custom_button=\u00bbon\u00bb button_text_size=\u00bb13px\u00bb button_text_color=\u00bb#ffffff\u00bb button_bg_color=\u00bb#000000&#8243; button_border_width=\u00bb0px\u00bb button_border_color=\u00bbrgba(0,0,0,0)\u00bb button_border_radius=\u00bb100px\u00bb button_letter_spacing=\u00bb1px\u00bb button_font=\u00bbLibre Franklin|600|||||||\u00bb button_use_icon=\u00bboff\u00bb background_layout=\u00bbdark\u00bb custom_padding=\u00bb16px|26px|16px|26px|true|false\u00bb animation_style=\u00bbslide\u00bb animation_direction=\u00bbright\u00bb animation_delay=\u00bb500ms\u00bb animation_intensity_slide=\u00bb5%\u00bb button_text_color__hover=\u00bb#FFFFFF\u00bb button_text_color__hover_enabled=\u00bbon|hover\u00bb button_bg_color__hover=\u00bb#236299&#8243; button_bg_color__hover_enabled=\u00bbon|hover\u00bb button_letter_spacing__hover=\u00bb1px\u00bb button_letter_spacing__hover_enabled=\u00bbon\u00bb][\/et_pb_button][\/et_pb_column][\/et_pb_row][\/et_pb_section]<\/p>\n","protected":false},"excerpt":{"rendered":"<p>Servicios funerarios Ses Salines &#8211; Santany\u00edQui\u00e9nes somos Con ra\u00edces en Ses Salines, en el sur de Mallorca, nos distinguen nuestra cercan\u00eda, delicadeza, respeto y esp\u00edritu local pero en constante evoluci\u00f3n, lo que nos ha permitido poder trabajar de manera confiada y exitosa en cualquier lugar de la isla. M\u00e1s informaci\u00f3n &nbsp;Nos encargamos de toda la [&hellip;]<\/p>\n","protected":false},"author":1,"featured_media":0,"parent":0,"menu_order":0,"comment_status":"closed","ping_status":"closed","template":"","meta":{"_et_pb_use_builder":"on","_et_pb_old_content":"","_et_gb_content_width":""},"_links":{"self":[{"href":"https:\/\/funerariadelmigjorn.com\/es\/wp-json\/wp\/v2\/pages\/49972"}],"collection":[{"href":"https:\/\/funerariadelmigjorn.com\/es\/wp-json\/wp\/v2\/pages"}],"about":[{"href":"https:\/\/funerariadelmigjorn.com\/es\/wp-json\/wp\/v2\/types\/page"}],"author":[{"embeddable":true,"href":"https:\/\/funerariadelmigjorn.com\/es\/wp-json\/wp\/v2\/users\/1"}],"replies":[{"embeddable":true,"href":"https:\/\/funerariadelmigjorn.com\/es\/wp-json\/wp\/v2\/comments?post=49972"}],"version-history":[{"count":25,"href":"https:\/\/funerariadelmigjorn.com\/es\/wp-json\/wp\/v2\/pages\/49972\/revisions"}],"predecessor-version":[{"id":51012,"href":"https:\/\/funerariadelmigjorn.com\/es\/wp-json\/wp\/v2\/pages\/49972\/revisions\/51012"}],"wp:attachment":[{"href":"https:\/\/funerariadelmigjorn.com\/es\/wp-json\/wp\/v2\/media?parent=49972"}],"curies":[{"name":"wp","href":"https:\/\/api.w.org\/{rel}","templated":true}]}}